{"id":2431,"date":"2016-03-23T21:13:52","date_gmt":"2016-03-23T20:13:52","guid":{"rendered":"http:\/\/rajd.elpy.io\/en\/?page_id=2431"},"modified":"2025-04-27T21:23:30","modified_gmt":"2025-04-27T19:23:30","slug":"unior-sinter","status":"publish","type":"page","link":"https:\/\/www.kd-rajd.si\/en\/unior-sinter\/","title":{"rendered":"Unior Sinter Factory Racing"},"content":{"rendered":"<p class=\"has-large-font-size\">Strast, talent, izku\u0161nje in odlo\u010denost. Tekmovalci ekipe Unior-Sinter Factory Racing za sezono 2023 imajo vse in so pripravljeni na uspehe v \u010dlanskih in mladinskih kategorijah.<\/p>\n<p><strong>Ekipa ima z leto\u0161njo sezono novo mednarodno zasedbo<\/strong>, ki jo\u00a0<strong>tvorijo L\u00e9ona Pierrini<\/strong>,<strong>\u00a0Ben Zwar<\/strong>,\u00a0<strong>Jure<\/strong>\u00a0<strong>\u017dabjek<\/strong>\u00a0in mladi\u00a0<strong>Stan Nisbet<\/strong>. Vsi nastopajo v disciplini spust. Ekipa je vpeta tudi v svet prostega sloga, in sicer za Jako Remcem in Borisom Re\u017eabkom.<\/p>\n<h2 class=\"wp-block-heading\"><a href=\"http:\/\/www.uniorsinter.com\">Unior \u2013 Sinter Factory Racing<\/a><\/h2>\n<p><strong>Slovenska ekipa z ve\u010d kot desetletno tradicijo se je vrnila k svojemu osnovnemu konceptu<\/strong>\u00a0\u2013 z mednarodno zasedbo izjemnih talentov, ki si vsi \u017eelijo narediti naslednji velik korak na globalni sceni in tekmovati z najbolj\u0161imi. Ekipa\u00a0<strong>Unior-Sinter Factory Racing\u00a0<\/strong>je nedavno \u017ee oznanila\u00a0<strong>sodelovanje s proizvajalcem koles Trek<\/strong>, danes so v sredi\u0161\u010du kolesarji iz Francije, \u0160vedske, \u0160kotske in seveda Slovenije.<\/p>\n<figure class=\"wp-block-image size-full\"><img fetchpriority=\"high\" decoding=\"async\" class=\"wp-image-158241\" src=\"https:\/\/www.mtb.si\/wp-content\/uploads\/2023\/03\/230323_us10.jpg\" sizes=\"(max-width: 1300px) 100vw, 1300px\" srcset=\"https:\/\/www.mtb.si\/wp-content\/uploads\/2023\/03\/230323_us10.jpg 1300w, https:\/\/www.mtb.si\/wp-content\/uploads\/2023\/03\/230323_us10-340x227.jpg 340w, https:\/\/www.mtb.si\/wp-content\/uploads\/2023\/03\/230323_us10-1024x683.jpg 1024w, https:\/\/www.mtb.si\/wp-content\/uploads\/2023\/03\/230323_us10-150x100.jpg 150w, https:\/\/www.mtb.si\/wp-content\/uploads\/2023\/03\/230323_us10-768x512.jpg 768w, https:\/\/www.mtb.si\/wp-content\/uploads\/2023\/03\/230323_us10-335x223.jpg 335w\" alt=\"\" width=\"1300\" height=\"867\" \/><\/figure>\n<p><strong>L\u00e9ona Pierrini<\/strong>\u00a0je \u0161e vedno dokaj sve\u017ea na tekmovalni sceni, a 20-letna Francozinja se \u017ee lahko pohvali\u00a0<strong>z zmago v skupnem se\u0161tevku svetovnega pokala v mladinski kategoriji<\/strong>, dvema naslovoma dr\u017eavne prvakinje med mladinkami in 11. mestom na dirki svetovnega pokala v \u010dlanski kategoriji. Zdaj se bo seveda borila za uvrstitve v prvo deseterico.<\/p>\n<p>Tudi\u00a0<strong>Ben Zwar<\/strong>\u00a0je bil zelo\u00a0<strong>uspe\u0161en kot mladinec<\/strong>, v \u010dlanski kategoriji pa se po\u010dasi prebija v ospredje in je tako na zadnji dirki svetovnega pokala v letu 2022 \u017ee dosegel izvrstno 21. mesto. Seveda to jasno zari\u0161e njegove rezultatske cilje za leto\u0161njo sezono, pri \u010demer mu pomaga tudi \u201czimsko\u201d bivanje v njegovi drugi domovini Avstraliji.<\/p>\n<figure class=\"wp-block-image size-full\"><img decoding=\"async\" class=\"wp-image-158242 lazyload\" data-src=\"https:\/\/www.mtb.si\/wp-content\/uploads\/2023\/03\/230323_us9.jpg\" data-sizes=\"(max-width: 1300px) 100vw, 1300px\" data-srcset=\"https:\/\/www.mtb.si\/wp-content\/uploads\/2023\/03\/230323_us9.jpg 1300w, https:\/\/www.mtb.si\/wp-content\/uploads\/2023\/03\/230323_us9-340x227.jpg 340w, https:\/\/www.mtb.si\/wp-content\/uploads\/2023\/03\/230323_us9-1024x683.jpg 1024w, https:\/\/www.mtb.si\/wp-content\/uploads\/2023\/03\/230323_us9-150x100.jpg 150w, https:\/\/www.mtb.si\/wp-content\/uploads\/2023\/03\/230323_us9-768x512.jpg 768w, https:\/\/www.mtb.si\/wp-content\/uploads\/2023\/03\/230323_us9-335x223.jpg 335w\" alt=\"\" width=\"1300\" height=\"867\" src=\"data:image\/svg+xml;base64,PHN2ZyB3aWR0aD0iMSIgaGVpZ2h0PSIxIiB4bWxucz0iaHR0cDovL3d3dy53My5vcmcvMjAwMC9zdmciPjwvc3ZnPg==\" style=\"--smush-placeholder-width: 1300px; --smush-placeholder-aspect-ratio: 1300\/867;\" \/><\/figure>\n<p><strong>Jure \u017dabjek<\/strong>\u00a0je dobro\u00a0<strong>poznan obraz v dresu ekipe<\/strong>\u00a0in je\u00a0<strong>eden najbolj uspe\u0161nih slovenskih tekmovalcev v spustu<\/strong>. Z ostalimi tekmovalci ne bo samo delil izku\u0161enj in znanja, ampak stremi k dobrim rezultatom na najve\u010djih dirkah sezone.<\/p>\n<p>\u010cetrti tekmovalec ekipe za spust je komaj\u00a0<strong>14-letni Stan Nisbet<\/strong>,\u00a0<strong>mladi talent<\/strong>\u00a0iz \u0160kotske, ki je s svojo hitrostjo in stilom \u017ee opozoril nase na mednarodni sceni. Stan bo svoj talent pilil na dirkah evropske serije iXS (prva dirka bo \u017ee sredi aprila na Lo\u0161inju), za preostale tri pa je prvi cilj seveda dirkanje v mo\u010dno prenovljenem tekmovanju svetovne serije.<\/p>\n<figure class=\"wp-block-gallery has-nested-images columns-default is-cropped wp-block-gallery-1 is-layout-flex wp-block-gallery-is-layout-flex fbx-instance\">\n<figure class=\"wp-block-image size-full\"><a class=\"fbx-link\" href=\"https:\/\/www.mtb.si\/wp-content\/uploads\/2023\/03\/230323_us11.jpg\"><img decoding=\"async\" class=\"wp-image-158244 lazyload\" data-src=\"https:\/\/www.mtb.si\/wp-content\/uploads\/2023\/03\/230323_us11.jpg\" data-sizes=\"(max-width: 1300px) 100vw, 1300px\" data-srcset=\"https:\/\/www.mtb.si\/wp-content\/uploads\/2023\/03\/230323_us11.jpg 1300w, https:\/\/www.mtb.si\/wp-content\/uploads\/2023\/03\/230323_us11-340x226.jpg 340w, https:\/\/www.mtb.si\/wp-content\/uploads\/2023\/03\/230323_us11-1024x682.jpg 1024w, https:\/\/www.mtb.si\/wp-content\/uploads\/2023\/03\/230323_us11-150x100.jpg 150w, https:\/\/www.mtb.si\/wp-content\/uploads\/2023\/03\/230323_us11-768x512.jpg 768w, https:\/\/www.mtb.si\/wp-content\/uploads\/2023\/03\/230323_us11-335x223.jpg 335w\" alt=\"\" width=\"1300\" height=\"866\" data-id=\"158244\" src=\"data:image\/svg+xml;base64,PHN2ZyB3aWR0aD0iMSIgaGVpZ2h0PSIxIiB4bWxucz0iaHR0cDovL3d3dy53My5vcmcvMjAwMC9zdmciPjwvc3ZnPg==\" style=\"--smush-placeholder-width: 1300px; --smush-placeholder-aspect-ratio: 1300\/866;\" \/><\/a><\/figure>\n<figure class=\"wp-block-image size-full\"><a class=\"fbx-link\" href=\"https:\/\/www.mtb.si\/wp-content\/uploads\/2023\/03\/230323_us12.jpg\"><img decoding=\"async\" class=\"wp-image-158245 lazyload\" data-src=\"https:\/\/www.mtb.si\/wp-content\/uploads\/2023\/03\/230323_us12.jpg\" data-sizes=\"(max-width: 1300px) 100vw, 1300px\" data-srcset=\"https:\/\/www.mtb.si\/wp-content\/uploads\/2023\/03\/230323_us12.jpg 1300w, https:\/\/www.mtb.si\/wp-content\/uploads\/2023\/03\/230323_us12-340x237.jpg 340w, https:\/\/www.mtb.si\/wp-content\/uploads\/2023\/03\/230323_us12-1024x714.jpg 1024w, https:\/\/www.mtb.si\/wp-content\/uploads\/2023\/03\/230323_us12-150x105.jpg 150w, https:\/\/www.mtb.si\/wp-content\/uploads\/2023\/03\/230323_us12-768x535.jpg 768w, https:\/\/www.mtb.si\/wp-content\/uploads\/2023\/03\/230323_us12-335x233.jpg 335w\" alt=\"\" width=\"1300\" height=\"906\" data-id=\"158245\" src=\"data:image\/svg+xml;base64,PHN2ZyB3aWR0aD0iMSIgaGVpZ2h0PSIxIiB4bWxucz0iaHR0cDovL3d3dy53My5vcmcvMjAwMC9zdmciPjwvc3ZnPg==\" style=\"--smush-placeholder-width: 1300px; --smush-placeholder-aspect-ratio: 1300\/906;\" \/><\/a><\/figure>\n<\/figure>\n<h2 class=\"wp-block-heading\">Unior in Sinter<\/h2>\n<p><strong>Glavna sponzorja ekipe sta zre\u0161ki Unior s programom orodja za kolesarske mehanike ter ljubljanski Sinter<\/strong>,\u00a0<strong>ki izdeluje vrhunske zavorne obloge za kolesa<\/strong>. Obe podjetji nista samo velika podpornika ekipe, ampak sta tudi mo\u010dno predana razvoju in izbolj\u0161avam svojih izdelkov za kolesarje. Skupaj s Trekom in ostalimi prvovrstnimi partnerji ima ekipa jasno misijo razvoja bodo\u010dih zvezdnikov \u0161porta.<\/p>\n<h3 class=\"wp-block-heading\">Prosti slog<\/h3>\n<p>Ekipa bo tudi mo\u010dno prisotna v svetu BMXa in prostega sloga, saj sodelovanje z ekipo nadaljujeta\u00a0<strong>Jaka<\/strong>\u00a0<strong>Remec<\/strong>\u00a0in\u00a0<strong>Boris Re\u017eabek<\/strong>. Oba imata tudi svoje osebnega pokrovitelja za kolesa ter seveda svoj tekmovalni program.<\/p>\n<h3 class=\"wp-block-heading\">Tekmovalci ekipe komaj \u010dakajo na prve velike dirke sezone in so po koncu prvih ve\u010djih priprav povedali slede\u010de:<\/h3>\n<figure class=\"wp-block-image size-full\"><img decoding=\"async\" class=\"wp-image-158229 lazyload\" data-src=\"https:\/\/www.mtb.si\/wp-content\/uploads\/2023\/03\/230323_US3.jpg\" data-sizes=\"(max-width: 1300px) 100vw, 1300px\" data-srcset=\"https:\/\/www.mtb.si\/wp-content\/uploads\/2023\/03\/230323_US3.jpg 1300w, https:\/\/www.mtb.si\/wp-content\/uploads\/2023\/03\/230323_US3-340x227.jpg 340w, https:\/\/www.mtb.si\/wp-content\/uploads\/2023\/03\/230323_US3-1024x683.jpg 1024w, https:\/\/www.mtb.si\/wp-content\/uploads\/2023\/03\/230323_US3-150x100.jpg 150w, https:\/\/www.mtb.si\/wp-content\/uploads\/2023\/03\/230323_US3-768x512.jpg 768w, https:\/\/www.mtb.si\/wp-content\/uploads\/2023\/03\/230323_US3-335x223.jpg 335w\" alt=\"\" width=\"1300\" height=\"867\" src=\"data:image\/svg+xml;base64,PHN2ZyB3aWR0aD0iMSIgaGVpZ2h0PSIxIiB4bWxucz0iaHR0cDovL3d3dy53My5vcmcvMjAwMC9zdmciPjwvc3ZnPg==\" style=\"--smush-placeholder-width: 1300px; --smush-placeholder-aspect-ratio: 1300\/867;\" \/><\/figure>\n<blockquote class=\"wp-block-quote\">\n<p><strong>L\u00e9ona:\u00a0<\/strong>\u201cZadala sem si dva glavna cilja; prvi je u\u017eivati na mojem kolesu, drugi nadaljnji razvoj v \u010dlanski konkurenci. Zelo vesela in ponosna sem, da sem se pridru\u017eila ekipi z odli\u010dnimi in profesionalnimi ljudmi, in prepri\u010dana sem, da bomo skupaj naredili veliko dobrega.\u201d<\/p>\n<\/blockquote>\n<figure class=\"wp-block-image size-full\"><img decoding=\"async\" class=\"wp-image-158232 lazyload\" data-src=\"https:\/\/www.mtb.si\/wp-content\/uploads\/2023\/03\/230323_US.jpg\" data-sizes=\"(max-width: 1300px) 100vw, 1300px\" data-srcset=\"https:\/\/www.mtb.si\/wp-content\/uploads\/2023\/03\/230323_US.jpg 1300w, https:\/\/www.mtb.si\/wp-content\/uploads\/2023\/03\/230323_US-340x226.jpg 340w, https:\/\/www.mtb.si\/wp-content\/uploads\/2023\/03\/230323_US-1024x682.jpg 1024w, https:\/\/www.mtb.si\/wp-content\/uploads\/2023\/03\/230323_US-150x100.jpg 150w, https:\/\/www.mtb.si\/wp-content\/uploads\/2023\/03\/230323_US-768x512.jpg 768w, https:\/\/www.mtb.si\/wp-content\/uploads\/2023\/03\/230323_US-335x223.jpg 335w\" alt=\"\" width=\"1300\" height=\"866\" src=\"data:image\/svg+xml;base64,PHN2ZyB3aWR0aD0iMSIgaGVpZ2h0PSIxIiB4bWxucz0iaHR0cDovL3d3dy53My5vcmcvMjAwMC9zdmciPjwvc3ZnPg==\" style=\"--smush-placeholder-width: 1300px; --smush-placeholder-aspect-ratio: 1300\/866;\" \/><\/figure>\n<blockquote class=\"wp-block-quote\">\n<p><strong>Ben:<\/strong>\u00a0\u201cNeverjetno vesel sem, da sem se v tej sezoni priklju\u010dil dru\u017eini Unior \u2013 Sinter Factory Racing! \u017de od malega sem sanjal, da bom del ekipe za svetovni pokal, leto 2023 bo tako res zabavno. Osredoto\u010dil se bom na dirke svetovnega pokala, prav tako pa tudi na izbrane dirke evropskega pokala in prvenstva.\u201d<\/p>\n<\/blockquote>\n<figure class=\"wp-block-image size-full\"><img decoding=\"async\" class=\"wp-image-158231 lazyload\" data-src=\"https:\/\/www.mtb.si\/wp-content\/uploads\/2023\/03\/230323_US2.jpg\" data-sizes=\"(max-width: 1300px) 100vw, 1300px\" data-srcset=\"https:\/\/www.mtb.si\/wp-content\/uploads\/2023\/03\/230323_US2.jpg 1300w, https:\/\/www.mtb.si\/wp-content\/uploads\/2023\/03\/230323_US2-340x227.jpg 340w, https:\/\/www.mtb.si\/wp-content\/uploads\/2023\/03\/230323_US2-1024x683.jpg 1024w, https:\/\/www.mtb.si\/wp-content\/uploads\/2023\/03\/230323_US2-150x100.jpg 150w, https:\/\/www.mtb.si\/wp-content\/uploads\/2023\/03\/230323_US2-768x512.jpg 768w, https:\/\/www.mtb.si\/wp-content\/uploads\/2023\/03\/230323_US2-335x223.jpg 335w\" alt=\"\" width=\"1300\" height=\"867\" src=\"data:image\/svg+xml;base64,PHN2ZyB3aWR0aD0iMSIgaGVpZ2h0PSIxIiB4bWxucz0iaHR0cDovL3d3dy53My5vcmcvMjAwMC9zdmciPjwvc3ZnPg==\" style=\"--smush-placeholder-width: 1300px; --smush-placeholder-aspect-ratio: 1300\/867;\" \/><\/figure>\n<blockquote class=\"wp-block-quote\">\n<p><strong>Jure<\/strong>: \u201cNavdu\u0161en sem, da znova dirkam na kolesu Trek, s temi kolesi se je tudi za\u010dela moja dirka\u0161ka kariera. Prav tako me veseli mednarodna dru\u017eba v ekipi. Na kolesu se po\u010dutim dobro in imam \u0161e veliko \u010dasa, da najdem pravo hitrost pred prvimi velikimi dirkami.\u201d<\/p>\n<\/blockquote>\n<figure class=\"wp-block-image size-full\"><img decoding=\"async\" class=\"wp-image-158233 lazyload\" data-src=\"https:\/\/www.mtb.si\/wp-content\/uploads\/2023\/03\/230323_US4.jpg\" data-sizes=\"(max-width: 1300px) 100vw, 1300px\" data-srcset=\"https:\/\/www.mtb.si\/wp-content\/uploads\/2023\/03\/230323_US4.jpg 1300w, https:\/\/www.mtb.si\/wp-content\/uploads\/2023\/03\/230323_US4-340x227.jpg 340w, https:\/\/www.mtb.si\/wp-content\/uploads\/2023\/03\/230323_US4-1024x683.jpg 1024w, https:\/\/www.mtb.si\/wp-content\/uploads\/2023\/03\/230323_US4-150x100.jpg 150w, https:\/\/www.mtb.si\/wp-content\/uploads\/2023\/03\/230323_US4-768x512.jpg 768w, https:\/\/www.mtb.si\/wp-content\/uploads\/2023\/03\/230323_US4-335x223.jpg 335w\" alt=\"\" width=\"1300\" height=\"867\" src=\"data:image\/svg+xml;base64,PHN2ZyB3aWR0aD0iMSIgaGVpZ2h0PSIxIiB4bWxucz0iaHR0cDovL3d3dy53My5vcmcvMjAwMC9zdmciPjwvc3ZnPg==\" style=\"--smush-placeholder-width: 1300px; --smush-placeholder-aspect-ratio: 1300\/867;\" \/><\/figure>\n<blockquote class=\"wp-block-quote\">\n<p><strong>Stan:<\/strong>\u00a0\u201cV leto\u0161nji sezoni si \u017eelim predvsem nabrati dirka\u0161kih izku\u0161enj v Evropi in seveda dobro dirkati na doma\u010dih tekmovanjih. Resni\u010dno sem navdu\u0161en in hvale\u017een, da sem del ekipe s tako podporo in mo\u017enostmi u\u010denja in razvijanja mojega kolesarjenja.\u201d<\/p>\n<\/blockquote>\n<blockquote class=\"wp-block-quote\">\n<p><strong>Grega Stopar, vodja ekipe:<\/strong>\u00a0\u201cImamo vse \u2013 super hitre kolesarje, ki bodo oblikovali prihodnost dirkanja, izredno kolo z najbolj\u0161imi komponentami ter odli\u010dno kombinacijo odlo\u010dnosti in spro\u0161\u010denega vzdu\u0161ja. Pred ekipo so zagotovo dobre stvari, hkrati pa nam ta struktura pomaga pri razvoju drugih ekip v okviru Kolesarskega dru\u0161tva Rajd, ki tudi vodi ekipo USFR. Morda je na dolgi rok to najbolj pomembna stvar in sega dale\u010d preko spusta \u2026\u201d<\/p>\n<\/blockquote>\n<p>Ekipa v spustu ima v programu vse dirke prenovljenega svetovnega pokala, zdaj znanega pod imenom UCI MTB World Series, vse dirke evropskega pokala iXS ter druge mednarodne in nacionalne dirke; vsi tekmovalci ekipe so tudi zelo resni kandidati za reprezentan\u010dne nastope na svetovnem in evropskem prvenstvu.<\/p>\n<figure class=\"wp-block-gallery has-nested-images columns-default is-cropped wp-block-gallery-3 is-layout-flex wp-block-gallery-is-layout-flex fbx-instance\">\n<figure class=\"wp-block-image size-full\"><a class=\"fbx-link\" href=\"https:\/\/www.mtb.si\/wp-content\/uploads\/2023\/03\/230323_us6.jpg\"><img decoding=\"async\" class=\"wp-image-158237 lazyload\" data-src=\"https:\/\/www.mtb.si\/wp-content\/uploads\/2023\/03\/230323_us6.jpg\" data-sizes=\"(max-width: 1300px) 100vw, 1300px\" data-srcset=\"https:\/\/www.mtb.si\/wp-content\/uploads\/2023\/03\/230323_us6.jpg 1300w, https:\/\/www.mtb.si\/wp-content\/uploads\/2023\/03\/230323_us6-340x227.jpg 340w, https:\/\/www.mtb.si\/wp-content\/uploads\/2023\/03\/230323_us6-1024x683.jpg 1024w, https:\/\/www.mtb.si\/wp-content\/uploads\/2023\/03\/230323_us6-150x100.jpg 150w, https:\/\/www.mtb.si\/wp-content\/uploads\/2023\/03\/230323_us6-768x512.jpg 768w, https:\/\/www.mtb.si\/wp-content\/uploads\/2023\/03\/230323_us6-335x223.jpg 335w\" alt=\"\" width=\"1300\" height=\"867\" data-id=\"158237\" src=\"data:image\/svg+xml;base64,PHN2ZyB3aWR0aD0iMSIgaGVpZ2h0PSIxIiB4bWxucz0iaHR0cDovL3d3dy53My5vcmcvMjAwMC9zdmciPjwvc3ZnPg==\" style=\"--smush-placeholder-width: 1300px; --smush-placeholder-aspect-ratio: 1300\/867;\" \/><\/a><\/figure>\n<figure class=\"wp-block-image size-full\"><a class=\"fbx-link\" href=\"https:\/\/www.mtb.si\/wp-content\/uploads\/2023\/03\/230323_us7.jpg\"><img decoding=\"async\" class=\"wp-image-158239 lazyload\" data-src=\"https:\/\/www.mtb.si\/wp-content\/uploads\/2023\/03\/230323_us7.jpg\" data-sizes=\"(max-width: 1300px) 100vw, 1300px\" data-srcset=\"https:\/\/www.mtb.si\/wp-content\/uploads\/2023\/03\/230323_us7.jpg 1300w, https:\/\/www.mtb.si\/wp-content\/uploads\/2023\/03\/230323_us7-340x227.jpg 340w, https:\/\/www.mtb.si\/wp-content\/uploads\/2023\/03\/230323_us7-1024x683.jpg 1024w, https:\/\/www.mtb.si\/wp-content\/uploads\/2023\/03\/230323_us7-150x100.jpg 150w, https:\/\/www.mtb.si\/wp-content\/uploads\/2023\/03\/230323_us7-768x512.jpg 768w, https:\/\/www.mtb.si\/wp-content\/uploads\/2023\/03\/230323_us7-335x223.jpg 335w\" alt=\"\" width=\"1300\" height=\"867\" data-id=\"158239\" src=\"data:image\/svg+xml;base64,PHN2ZyB3aWR0aD0iMSIgaGVpZ2h0PSIxIiB4bWxucz0iaHR0cDovL3d3dy53My5vcmcvMjAwMC9zdmciPjwvc3ZnPg==\" style=\"--smush-placeholder-width: 1300px; --smush-placeholder-aspect-ratio: 1300\/867;\" \/><\/a><\/figure>\n<figure class=\"wp-block-image size-full\"><a class=\"fbx-link\" href=\"https:\/\/www.mtb.si\/wp-content\/uploads\/2023\/03\/230323_us8.jpg\"><img decoding=\"async\" class=\"wp-image-158238 lazyload\" data-src=\"https:\/\/www.mtb.si\/wp-content\/uploads\/2023\/03\/230323_us8.jpg\" data-sizes=\"(max-width: 1300px) 100vw, 1300px\" data-srcset=\"https:\/\/www.mtb.si\/wp-content\/uploads\/2023\/03\/230323_us8.jpg 1300w, https:\/\/www.mtb.si\/wp-content\/uploads\/2023\/03\/230323_us8-340x227.jpg 340w, https:\/\/www.mtb.si\/wp-content\/uploads\/2023\/03\/230323_us8-1024x683.jpg 1024w, https:\/\/www.mtb.si\/wp-content\/uploads\/2023\/03\/230323_us8-150x100.jpg 150w, https:\/\/www.mtb.si\/wp-content\/uploads\/2023\/03\/230323_us8-768x512.jpg 768w, https:\/\/www.mtb.si\/wp-content\/uploads\/2023\/03\/230323_us8-335x223.jpg 335w\" alt=\"\" width=\"1300\" height=\"867\" data-id=\"158238\" src=\"data:image\/svg+xml;base64,PHN2ZyB3aWR0aD0iMSIgaGVpZ2h0PSIxIiB4bWxucz0iaHR0cDovL3d3dy53My5vcmcvMjAwMC9zdmciPjwvc3ZnPg==\" style=\"--smush-placeholder-width: 1300px; --smush-placeholder-aspect-ratio: 1300\/867;\" \/><\/a><\/figure>\n<\/figure>\n<div class=\"wp-block-spacer\" aria-hidden=\"true\">\u00a0<\/div>\n<h3 class=\"wp-block-heading\">Sponzorji ekipe so:<\/h3>\n<p>Unior, Sinter, Trek, Mestna ob\u010dina Ljubljana, FOX, Bikehanic, BleedKit.com, Liquishot by Kolektor, TRP, Crankbrothers, SILT, 100%, Schwalbe, Maxima Racing Oils, Nutrispoint, CushCore, Selle Italia, Lizard Skins, RRP, MRP, ProTaper in RAD.<\/p>\n<p>Spletna stran ekipe &#8211; <a href=\"http:\/\/www.uniorsinter.com\">www.uniorsinter.com<\/a><br \/><a href=\"https:\/\/www.facebook.com\/uniorsinter\">Facebook<\/a> in <a href=\"https:\/\/www.instagram.com\/uniorsinter\/\">Instagram<\/a><\/p>\n\n","protected":false},"excerpt":{"rendered":"<p>Strast, talent, izku\u0161nje in odlo\u010denost. Tekmovalci ekipe Unior-Sinter Factory Racing za sezono 2023 imajo vse in so pripravljeni na uspehe v \u010dlanskih in mladinskih kategorijah. Ekipa ima z leto\u0161njo sezono novo mednarodno zasedbo, ki jo\u00a0tvorijo L\u00e9ona Pierrini,\u00a0Ben Zwar,\u00a0Jure\u00a0\u017dabjek\u00a0in mladi\u00a0Stan Nisbet. &hellip; <a href=\"https:\/\/www.kd-rajd.si\/en\/unior-sinter\/\">Continued<\/a><\/p>\n","protected":false},"author":6,"featured_media":4134,"parent":0,"menu_order":0,"comment_status":"closed","ping_status":"closed","template":"","meta":{"_acf_changed":false,"footnotes":""},"class_list":["post-2431","page","type-page","status-publish","has-post-thumbnail","hentry"],"acf":[],"_links":{"self":[{"href":"https:\/\/www.kd-rajd.si\/en\/wp-json\/wp\/v2\/pages\/2431\/"}],"collection":[{"href":"https:\/\/www.kd-rajd.si\/en\/wp-json\/wp\/v2\/pages\/"}],"about":[{"href":"https:\/\/www.kd-rajd.si\/en\/wp-json\/wp\/v2\/types\/page\/"}],"author":[{"embeddable":true,"href":"https:\/\/www.kd-rajd.si\/en\/wp-json\/wp\/v2\/users\/6\/"}],"replies":[{"embeddable":true,"href":"https:\/\/www.kd-rajd.si\/en\/wp-json\/wp\/v2\/comments\/?post=2431"}],"version-history":[{"count":1,"href":"https:\/\/www.kd-rajd.si\/en\/wp-json\/wp\/v2\/pages\/2431\/revisions\/"}],"predecessor-version":[{"id":20460,"href":"https:\/\/www.kd-rajd.si\/en\/wp-json\/wp\/v2\/pages\/2431\/revisions\/20460\/"}],"wp:featuredmedia":[{"embeddable":true,"href":"https:\/\/www.kd-rajd.si\/en\/wp-json\/wp\/v2\/media\/4134\/"}],"wp:attachment":[{"href":"https:\/\/www.kd-rajd.si\/en\/wp-json\/wp\/v2\/media\/?parent=2431"}],"curies":[{"name":"wp","href":"https:\/\/api.w.org\/{rel}","templated":true}]}}